{"id":948,"date":"2022-04-26T17:39:22","date_gmt":"2022-04-26T17:39:22","guid":{"rendered":"https:\/\/restaurante-acasadoavo.com\/?page_id=948"},"modified":"2026-04-16T18:35:58","modified_gmt":"2026-04-16T18:35:58","slug":"almoco-jantar-dia-da-mae","status":"publish","type":"page","link":"https:\/\/restaurante-acasadoavo.com\/en\/almoco-jantar-dia-da-mae\/","title":{"rendered":"ALMO\u00c7O E JANTAR DIA DA M\u00c3E"},"content":{"rendered":"<div class=\"row row-collapse row-full-width scrollDiv\"  id=\"row-604857151\">\n\n\t<div id=\"col-706613347\" class=\"col medium-3 small-12 large-3\"  >\n\t\t<div class=\"col-inner\"  >\n\t\t\t\n\t\t\t\n\n  <div class=\"banner has-hover is-full-height\" id=\"banner-1233255087\">\n          <div class=\"banner-inner fill\">\n        <div class=\"banner-bg fill\" >\n            <div class=\"bg fill bg-fill bg-loaded\"><\/div>\n                        <div class=\"overlay\"><\/div>            \n                    <\/div>\n        <div class=\"banner-layers container\">\n            <div class=\"fill banner-link\"><\/div>            \n   <div id=\"text-box-1991520120\" class=\"text-box banner-layer text-box-circle show-for-small x50 md-x50 lg-x50 y75 md-y75 lg-y75 res-text\">\n                     <div data-animate=\"bounceInDown\">           <div class=\"text-box-content text dark\">\n              \n              <div class=\"text-inner text-center\">\n                  \n\t<div class=\"img has-hover x md-x lg-x y md-y lg-y\" id=\"image_1142466916\">\n\t\t<a class=\"\" href=\"\/#more\"  >\t\t\t\t\t\t<div class=\"img-inner dark\" >\n\t\t\t\t\t\t\t\t\t\n\t\t\t\t\t<\/div>\n\t\t\t\t\t\t<\/a>\t\t\n<style>\n#image_1142466916 {\n  width: 100%;\n}\n<\/style>\n\t<\/div>\n\t\n              <\/div>\n           <\/div>\n       <\/div>                     \n<style>\n#text-box-1991520120 .text-box-content {\n  background-color: rgba(255, 255, 255, 0);\n  border-radius: 500px;\n  font-size: 100%;\n}\n#text-box-1991520120 {\n  width: 10%;\n}\n<\/style>\n    <\/div>\n \n        <\/div>\n      <\/div>\n\n            \n<style>\n#banner-1233255087 {\n  padding-top: 100%;\n}\n#banner-1233255087 .bg.bg-loaded {\n  background-image: url(https:\/\/restaurante-acasadoavo.com\/wp-content\/uploads\/2021\/04\/sobre-splash-scaled.jpg);\n}\n#banner-1233255087 .overlay {\n  background-color: rgba(0, 0, 0, 0.1);\n}\n#banner-1233255087 .bg {\n  background-position: 91% 0%;\n}\n<\/style>\n  <\/div>\n\n\n\t\t<\/div>\n\t\t\t<\/div>\n\n\t\n\n\t<div id=\"col-931493593\" class=\"col medium-9 small-12 large-9\"  >\n\t\t<div class=\"col-inner\"  >\n\t\t\t\n\t\t\t\n\t<section class=\"section\" id=\"section_831022871\">\n\t\t<div class=\"bg section-bg fill bg-fill bg-loaded bg-loaded\" >\n\n\t\t\t\n\t\t\t\n\t\t\t\n\n\t\t<\/div>\n\n\t\t<div class=\"section-content relative\">\n\t\t\t\n<span class=\"scroll-to\" data-label=\"Scroll to: #more\" data-bullet=\"false\" data-link=\"#more\" data-title=\"more\"><a name=\"more\"><\/a><\/span>\n<div class=\"row row-small\" style=\"max-width:900px\" id=\"row-2093641963\">\n\n\t<div id=\"col-315394088\" class=\"col small-12 large-12\"  >\n\t\t<div class=\"col-inner\"  >\n\t\t\t\n\t\t\t\n<h1>ALMO\u00c7O E JANTAR DIA DA M\u00c3E<\/h1>\n<div class=\"is-divider divider clearfix\" style=\"max-width:60px;height:2px;\"><\/div>\n<div class=\"row\"  id=\"row-1767271030\">\n\n\t<div id=\"col-722535507\" class=\"col medium-8 small-12 large-8\"  >\n\t\t<div class=\"col-inner\"  >\n\t\t\t\n\t\t\t\n\t<div id=\"text-664806574\" class=\"text\">\n\t\t\n<p><strong>Buffet de Entradas Frias:<\/strong><br \/>Camar\u00e3o Cozido, Navalheiras Cozidas, Mexilh\u00f5es \u00e0 Pescador, Salada de Ovas de Peixe, \u00a0Carpaccio de Polvo com Vinagrete de pimentos, Carapaus Alimados, Filetes de Biqueir\u00e3o de Vinagrete, Lombos de Cavala Alimados, Enchidos de Porco de Monchique Laminados, Empadas de Galinha, Chamu\u00e7as, Mini Past\u00e9is de Bacalhau, Salada de Cenoura \u00e0 Algarvia, Salada de Pimentos de Vinagrete, T\u00e1bua de Queijos com Geleia de Figo, Nozes, Avel\u00e3s e Am\u00eandoas, Salada de Tomate com Requeij\u00e3o e Oreg\u00e3os, Azeitonas Britadas, Espargos Silvestres com Presunto, Pickles, Ovos Verdes<\/p>\n<p><strong>Buffet de Entradas Quentes:<\/strong><br \/>Cogumelos \u00e0 Bulh\u00e3o Pato e Moelas de Frango Piri-piri<\/p>\n<p><strong>MAIN COURSE<\/strong><br \/>Robalo, Camar\u00e3o Tigre e Xer\u00e9m de Berbig\u00e3o<\/p>\n<p>OR<\/p>\n<p>Bacalhau \u00e0 Lagareiro<\/p>\n<p>OR<\/p>\n<p>Galinha Cerejada com Figos e Am\u00eandoas, Arroz Basmati<\/p>\n<p>OR<\/p>\n<p>Espetadas de Novilho e Camar\u00e3o, Batatinhas Novas Assadas, Esparregado de Grelos<\/p>\n<p><strong>Doce:<\/strong><br \/>Torta Algarvia<\/p>\n<p>OR<\/p>\n<p>Tiramisu de Figos com Medronho<\/p>\n<p>OR<\/p>\n<p>Tarte de Ma\u00e7\u00e3<\/p>\n<p>OR<\/p>\n<p>Tarte de Batata-Doce com Nozes<\/p>\n<p>OR<\/p>\n<p>Mousses Chocolate, Manga e Maracuj\u00e1<\/p>\n<p>OR<\/p>\n<p>Pannacottas de Frutos Vermelhos<\/p>\n<p>OR<\/p>\n<p>Petit Gateaux<\/p>\n<p>PRE\u00c7O POR PESSOA: <strong>\u20ac 30<\/strong><\/p>\n\t\t\n<style>\n#text-664806574 {\n  line-height: 1.5;\n}\n<\/style>\n\t<\/div>\n\t\n\t\t<\/div>\n\t\t\t<\/div>\n\n\t\n\n\t<div id=\"col-2057153608\" class=\"col medium-4 small-12 large-4\"  >\n\t\t<div class=\"col-inner\" style=\"background-color:#f4dace;\" >\n\t\t\t\n\t\t\t\n<p><strong>TERMS AND CONDITIONS<\/strong><\/p>\n<ul>\n<li>Menu v\u00e1lido para almo\u00e7o e jantar<\/li>\n<li>N\u00e3o inclui servi\u00e7o de bebidas<\/li>\n<li>Aconselha-se a marca\u00e7\u00e3o pr\u00e9via de mesa<\/li>\n<\/ul>\n<p>\u00a0<\/p>\n\t\t<\/div>\n\t\t\n<style>\n#col-2057153608 > .col-inner {\n  padding: 10px 10px 10px 10px;\n}\n<\/style>\n\t<\/div>\n\n\t\n<\/div>\n\t\t<\/div>\n\t\t\n<style>\n#col-315394088 > .col-inner {\n  padding: 0px 0px 0px 0px;\n  margin: 0 0px 0px 0px;\n}\n<\/style>\n\t<\/div>\n\n\t\n\n<style>\n#row-2093641963 > .col > .col-inner {\n  padding: 0px 0px 0px 00px;\n}\n@media (min-width:550px) {\n  #row-2093641963 > .col > .col-inner {\n    padding: 40px 20px 0px 20px;\n  }\n}\n<\/style>\n<\/div>\n\t\t<\/div>\n\n\t\t\n<style>\n#section_831022871 {\n  padding-top: 30px;\n  padding-bottom: 30px;\n}\n@media (min-width:550px) {\n  #section_831022871 {\n    padding-top: 0px;\n    padding-bottom: 0px;\n  }\n}\n<\/style>\n\t<\/section>\n\t\n\t\t<\/div>\n\t\t\t<\/div>\n\n\t\n\n<style>\n#row-604857151 > .col > .col-inner {\n  padding: 0px 0px 0px 0px;\n}\n<\/style>\n<\/div>","protected":false},"excerpt":{"rendered":"","protected":false},"author":3,"featured_media":0,"parent":0,"menu_order":0,"comment_status":"closed","ping_status":"closed","template":"page-blank.php","meta":{"_joinchat":[],"footnotes":""},"class_list":["post-948","page","type-page","status-publish","hentry"],"yoast_head":"<!-- This site is optimized with the Yoast SEO plugin v27.4 - https:\/\/yoast.com\/product\/yoast-seo-wordpress\/ -->\n<title>ALMO\u00c7O E JANTAR DIA DA M\u00c3E - Restaurante A Casa do Av\u00f4<\/title>\n<meta name=\"robots\" content=\"index, follow, max-snippet:-1, max-image-preview:large, max-video-preview:-1\" \/>\n<link rel=\"canonical\" href=\"https:\/\/restaurante-acasadoavo.com\/en\/almoco-jantar-dia-da-mae\/\" \/>\n<meta property=\"og:locale\" content=\"en_GB\" \/>\n<meta property=\"og:type\" content=\"article\" \/>\n<meta property=\"og:title\" content=\"ALMO\u00c7O E JANTAR DIA DA M\u00c3E - Restaurante A Casa do Av\u00f4\" \/>\n<meta property=\"og:url\" content=\"https:\/\/restaurante-acasadoavo.com\/en\/almoco-jantar-dia-da-mae\/\" \/>\n<meta property=\"og:site_name\" content=\"Restaurante A Casa do Av\u00f4\" \/>\n<meta property=\"article:modified_time\" content=\"2026-04-16T18:35:58+00:00\" \/>\n<meta name=\"twitter:card\" content=\"summary_large_image\" \/>\n<meta name=\"twitter:label1\" content=\"Estimated reading time\" \/>\n\t<meta name=\"twitter:data1\" content=\"2 minutes\" \/>\n<script type=\"application\/ld+json\" class=\"yoast-schema-graph\">{\"@context\":\"https:\\\/\\\/schema.org\",\"@graph\":[{\"@type\":\"WebPage\",\"@id\":\"https:\\\/\\\/restaurante-acasadoavo.com\\\/almoco-jantar-dia-da-mae\\\/\",\"url\":\"https:\\\/\\\/restaurante-acasadoavo.com\\\/almoco-jantar-dia-da-mae\\\/\",\"name\":\"ALMO\u00c7O E JANTAR DIA DA M\u00c3E - Restaurante A Casa do Av\u00f4\",\"isPartOf\":{\"@id\":\"https:\\\/\\\/restaurante-acasadoavo.com\\\/en\\\/#website\"},\"datePublished\":\"2022-04-26T17:39:22+00:00\",\"dateModified\":\"2026-04-16T18:35:58+00:00\",\"breadcrumb\":{\"@id\":\"https:\\\/\\\/restaurante-acasadoavo.com\\\/almoco-jantar-dia-da-mae\\\/#breadcrumb\"},\"inLanguage\":\"en-GB\",\"potentialAction\":[{\"@type\":\"ReadAction\",\"target\":[\"https:\\\/\\\/restaurante-acasadoavo.com\\\/almoco-jantar-dia-da-mae\\\/\"]}]},{\"@type\":\"BreadcrumbList\",\"@id\":\"https:\\\/\\\/restaurante-acasadoavo.com\\\/almoco-jantar-dia-da-mae\\\/#breadcrumb\",\"itemListElement\":[{\"@type\":\"ListItem\",\"position\":1,\"name\":\"In\u00edcio\",\"item\":\"https:\\\/\\\/restaurante-acasadoavo.com\\\/\"},{\"@type\":\"ListItem\",\"position\":2,\"name\":\"ALMO\u00c7O E JANTAR DIA DA M\u00c3E\"}]},{\"@type\":\"WebSite\",\"@id\":\"https:\\\/\\\/restaurante-acasadoavo.com\\\/en\\\/#website\",\"url\":\"https:\\\/\\\/restaurante-acasadoavo.com\\\/en\\\/\",\"name\":\"Restaurante A Casa do Av\u00f4\",\"description\":\"Guia - Albufeira - Algarve\",\"publisher\":{\"@id\":\"https:\\\/\\\/restaurante-acasadoavo.com\\\/en\\\/#organization\"},\"potentialAction\":[{\"@type\":\"SearchAction\",\"target\":{\"@type\":\"EntryPoint\",\"urlTemplate\":\"https:\\\/\\\/restaurante-acasadoavo.com\\\/en\\\/?s={search_term_string}\"},\"query-input\":{\"@type\":\"PropertyValueSpecification\",\"valueRequired\":true,\"valueName\":\"search_term_string\"}}],\"inLanguage\":\"en-GB\"},{\"@type\":\"Organization\",\"@id\":\"https:\\\/\\\/restaurante-acasadoavo.com\\\/en\\\/#organization\",\"name\":\"Restaurante a Casa do Av\u00f4\",\"url\":\"https:\\\/\\\/restaurante-acasadoavo.com\\\/en\\\/\",\"logo\":{\"@type\":\"ImageObject\",\"inLanguage\":\"en-GB\",\"@id\":\"https:\\\/\\\/restaurante-acasadoavo.com\\\/en\\\/#\\\/schema\\\/logo\\\/image\\\/\",\"url\":\"https:\\\/\\\/restaurante-acasadoavo.com\\\/wp-content\\\/uploads\\\/2021\\\/03\\\/favicon-acasadoavo.png\",\"contentUrl\":\"https:\\\/\\\/restaurante-acasadoavo.com\\\/wp-content\\\/uploads\\\/2021\\\/03\\\/favicon-acasadoavo.png\",\"width\":512,\"height\":512,\"caption\":\"Restaurante a Casa do Av\u00f4\"},\"image\":{\"@id\":\"https:\\\/\\\/restaurante-acasadoavo.com\\\/en\\\/#\\\/schema\\\/logo\\\/image\\\/\"}}]}<\/script>\n<!-- \/ Yoast SEO plugin. -->","yoast_head_json":{"title":"ALMO\u00c7O E JANTAR DIA DA M\u00c3E - Restaurante A Casa do Av\u00f4","robots":{"index":"index","follow":"follow","max-snippet":"max-snippet:-1","max-image-preview":"max-image-preview:large","max-video-preview":"max-video-preview:-1"},"canonical":"https:\/\/restaurante-acasadoavo.com\/en\/almoco-jantar-dia-da-mae\/","og_locale":"en_GB","og_type":"article","og_title":"ALMO\u00c7O E JANTAR DIA DA M\u00c3E - Restaurante A Casa do Av\u00f4","og_url":"https:\/\/restaurante-acasadoavo.com\/en\/almoco-jantar-dia-da-mae\/","og_site_name":"Restaurante A Casa do Av\u00f4","article_modified_time":"2026-04-16T18:35:58+00:00","twitter_card":"summary_large_image","twitter_misc":{"Estimated reading time":"2 minutes"},"schema":{"@context":"https:\/\/schema.org","@graph":[{"@type":"WebPage","@id":"https:\/\/restaurante-acasadoavo.com\/almoco-jantar-dia-da-mae\/","url":"https:\/\/restaurante-acasadoavo.com\/almoco-jantar-dia-da-mae\/","name":"ALMO\u00c7O E JANTAR DIA DA M\u00c3E - Restaurante A Casa do Av\u00f4","isPartOf":{"@id":"https:\/\/restaurante-acasadoavo.com\/en\/#website"},"datePublished":"2022-04-26T17:39:22+00:00","dateModified":"2026-04-16T18:35:58+00:00","breadcrumb":{"@id":"https:\/\/restaurante-acasadoavo.com\/almoco-jantar-dia-da-mae\/#breadcrumb"},"inLanguage":"en-GB","potentialAction":[{"@type":"ReadAction","target":["https:\/\/restaurante-acasadoavo.com\/almoco-jantar-dia-da-mae\/"]}]},{"@type":"BreadcrumbList","@id":"https:\/\/restaurante-acasadoavo.com\/almoco-jantar-dia-da-mae\/#breadcrumb","itemListElement":[{"@type":"ListItem","position":1,"name":"In\u00edcio","item":"https:\/\/restaurante-acasadoavo.com\/"},{"@type":"ListItem","position":2,"name":"ALMO\u00c7O E JANTAR DIA DA M\u00c3E"}]},{"@type":"WebSite","@id":"https:\/\/restaurante-acasadoavo.com\/en\/#website","url":"https:\/\/restaurante-acasadoavo.com\/en\/","name":"Restaurante A Casa do Av\u00f4","description":"Guia - Albufeira - Algarve","publisher":{"@id":"https:\/\/restaurante-acasadoavo.com\/en\/#organization"},"potentialAction":[{"@type":"SearchAction","target":{"@type":"EntryPoint","urlTemplate":"https:\/\/restaurante-acasadoavo.com\/en\/?s={search_term_string}"},"query-input":{"@type":"PropertyValueSpecification","valueRequired":true,"valueName":"search_term_string"}}],"inLanguage":"en-GB"},{"@type":"Organization","@id":"https:\/\/restaurante-acasadoavo.com\/en\/#organization","name":"Restaurante a Casa do Av\u00f4","url":"https:\/\/restaurante-acasadoavo.com\/en\/","logo":{"@type":"ImageObject","inLanguage":"en-GB","@id":"https:\/\/restaurante-acasadoavo.com\/en\/#\/schema\/logo\/image\/","url":"https:\/\/restaurante-acasadoavo.com\/wp-content\/uploads\/2021\/03\/favicon-acasadoavo.png","contentUrl":"https:\/\/restaurante-acasadoavo.com\/wp-content\/uploads\/2021\/03\/favicon-acasadoavo.png","width":512,"height":512,"caption":"Restaurante a Casa do Av\u00f4"},"image":{"@id":"https:\/\/restaurante-acasadoavo.com\/en\/#\/schema\/logo\/image\/"}}]}},"publishpress_future_action":{"enabled":false,"date":"2026-05-07 09:15:58","action":"change-status","newStatus":"draft","terms":[],"taxonomy":"","extraData":[]},"publishpress_future_workflow_manual_trigger":{"enabledWorkflows":[]},"_links":{"self":[{"href":"https:\/\/restaurante-acasadoavo.com\/en\/wp-json\/wp\/v2\/pages\/948","targetHints":{"allow":["GET"]}}],"collection":[{"href":"https:\/\/restaurante-acasadoavo.com\/en\/wp-json\/wp\/v2\/pages"}],"about":[{"href":"https:\/\/restaurante-acasadoavo.com\/en\/wp-json\/wp\/v2\/types\/page"}],"author":[{"embeddable":true,"href":"https:\/\/restaurante-acasadoavo.com\/en\/wp-json\/wp\/v2\/users\/3"}],"replies":[{"embeddable":true,"href":"https:\/\/restaurante-acasadoavo.com\/en\/wp-json\/wp\/v2\/comments?post=948"}],"version-history":[{"count":7,"href":"https:\/\/restaurante-acasadoavo.com\/en\/wp-json\/wp\/v2\/pages\/948\/revisions"}],"predecessor-version":[{"id":1438,"href":"https:\/\/restaurante-acasadoavo.com\/en\/wp-json\/wp\/v2\/pages\/948\/revisions\/1438"}],"wp:attachment":[{"href":"https:\/\/restaurante-acasadoavo.com\/en\/wp-json\/wp\/v2\/media?parent=948"}],"curies":[{"name":"wp","href":"https:\/\/api.w.org\/{rel}","templated":true}]}}